{"version":"1.0","provider_name":"\u00c9let s\u00f3ja","provider_url":"https:\/\/eletsoja.cafeblog.hu","author_name":"Bag\u00f3 T\u00fcnde","author_url":"https:\/\/eletsoja.cafeblog.hu\/author\/bago_tunde\/","title":"Hogyan tervezz\u00fcnk utaz\u00e1st 2015-ben?","html":"<p>A janu\u00e1r t\u00fal hossz\u00fa, t\u00fal s\u00f6t\u00e9t \u00e9s t\u00fal unalmas h\u00f3nap, ez\u00e9rt ilyenkor \u00e1lmodozunk az utaz\u00e1sokr\u00f3l a legt\u00f6bbet. Forr\u00f3 szigetek, p\u00e1lm\u00e1k, kokt\u00e9lok jelennek meg a munkahelyi \u00e9s otthoni k\u00e9perny\u0151nk\u00f6n, v\u00e9gign\u00e9z\u00fcnk ezernyi fot\u00f3t szebbn\u00e9l-szebb helyekr\u0151l, motoroz\u00f3 olaszokr\u00f3l, fagyiz\u00f3 franci\u00e1kr\u00f3l \u00e9s tengerparton napoz\u00f3 g\u00f6r\u00f6g\u00f6kr\u0151l. A nyaral\u00e1s konkr\u00e9t megszervez\u00e9s\u00e9ig azonban nem jutunk el. Mik\u00f6zben kev\u00e9s alkalmasabb id\u0151szak van a janu\u00e1rn\u00e1l erre a tev\u00e9kenys\u00e9gre. Ilyenkor m\u00e9g ezernyi aj\u00e1nlat k\u00f6z\u00fcl v\u00e1logathatunk, m\u00e9g h\u00f3napokra leoszthatjuk a k\u00f6lts\u00e9gek kifizet\u00e9s\u00e9t, illetve megsp\u00f3rol\u00e1s\u00e1t, olcs\u00f3bban vehet\u00fcnk rep\u00fcl\u0151jegyet \u00e9s sorolhatn\u00e1m. Sokszor m\u00e9gis ink\u00e1bb m\u00e1jusban kezd\u00fcnk kapkodni, vagy \u00e9ppen az indul\u00e1s el\u0151tti h\u00f3napban, amikor m\u00e1r r\u00e1 kell \u00e9bredn\u00fcnk, hogy minden dr\u00e1ga, egy h\u00f3nap alatt nem tudjuk kigazd\u00e1lkodni, s \u00edgy marad a tavalyi horv\u00e1t tengerpartos nyaral\u00e1s altereg\u00f3ja. Hiszem \u00e9s vallom, hogy j\u00f3 szervez\u00e9ssel, el\u0151re gondolkod\u00e1ssal, a k\u00f6lts\u00e9gek helyes felt\u00e9rk\u00e9pez\u00e9s\u00e9vel \u00e9s eloszt\u00e1s\u00e1val minden \u00e9vben \u00faj t\u00e1jakra juthatunk el, v\u00e1ltozatoss\u00e1 tehetj\u00fck azt az egy-k\u00e9t hetet, vagy n\u00e9h\u00e1ny h\u00e9tv\u00e9g\u00e9t, amit utaz\u00e1sra sz\u00e1nunk az \u00e9vben. Janu\u00e1ri sorozatommal ehhez szeretn\u00e9k most seg\u00edts\u00e9get ny\u00fajtani az utaz\u00e1sra v\u00e1gy\u00f3knak.<\/p>\r\n<p>Els\u0151 \u00e9s tal\u00e1n legfontosabb k\u00e9rd\u00e9s a mai blogbejegyz\u00e9s t\u00e9m\u00e1ja:<\/p>\r\n<p style=\"text-align: center\"><strong>Mit akarunk csin\u00e1lni a nyaral\u00e1s alatt \u00e9s azt hol tehetj\u00fck meg?<\/strong><\/p>\r\n<p style=\"text-align: center\"><a href=\"https:\/\/eletsoja.cafeblog.hu\/files\/2015\/01\/utaz\u00e1sk\u00e9p.jpg\"><img class=\"alignnone size-full wp-image-2502\" src=\"https:\/\/eletsoja.cafeblog.hu\/files\/2015\/01\/utaz\u00e1sk\u00e9p.jpg\" alt=\"utaz\u00e1sk\u00e9p\" width=\"480\" height=\"298\" \/><\/a><\/p>\r\n<p><strong><em>Akt\u00edv vagy passz\u00edv pihen\u00e9sre v\u00e1gyunk?<\/em><\/strong> Ennek felismer\u00e9s\u00e9re a legjobb m\u00f3dszer, ha kicsit \u00f6sszegezz\u00fck magunkban a hobbijainkat \u00e9s a szabadid\u0151s tev\u00e9kenys\u00e9geinket. Ha eg\u00e9sz \u00e9vben csak rohanunk, nincsenek hobbijaink, mert id\u0151nk sem lenne r\u00e1, az otthon t\u00f6lt\u00f6tt \u00f3r\u00e1k alatt is folyamatosan p\u00f6rg\u00fcnk, akkor bizony\u00e1ra valami nyugalmasra v\u00e1gyunk a nyaral\u00e1s alatt. Vagy m\u00e9gsem? V\u00e9lem\u00e9nyem szerint egy ilyen \u00e9letben a nyaral\u00e1s sem sz\u00f3lhat arr\u00f3l, hogy csak fekszik valaki a tengerparton az els\u0151 napt\u00f3l a 14. napig egyfolyt\u00e1ban. A szervezet ugyanis nem k\u00e9pes azonnal \u00e1t\u00e1llni, s \u00edgy az els\u0151 n\u00e9h\u00e1ny napban meg\u0151r\u00fcl az ember, majd, amikor m\u00e1r kezdene ellazulni \u00e9s kikapcsol\u00f3dni, addigra a csal\u00e1d \u0151r\u00fcl meg az unalomt\u00f3l. Azt gondolom ebben az esetben a legjobb megold\u00e1s olyan helyeket v\u00e1lasztani, ahol akt\u00edv \u00e9s passz\u00edv pihen\u00e9sre egyar\u00e1nt van lehet\u0151s\u00e9g. N\u00e9zz\u00fcnk egy ilyen helyet, legyen egy ismert, s k\u00f6zeli c\u00e9lpont, Olaszorsz\u00e1g.<\/p>\r\n<p>P\u00f6rg\u0151s \u00e9let\u00fcnkb\u0151l, a szabads\u00e1g el\u0151tti ezernyi telefonb\u00f3l es\u00fcnk be az aut\u00f3ba, vagy \u00e9r\u00fcnk ki a rep\u00fcl\u0151t\u00e9rre. J\u00f3l fog esni, ha el\u0151sz\u00f6r egy ny\u00fczsg\u0151 v\u00e1rosba, R\u00f3m\u00e1ba, Firenz\u00e9be, Mil\u00e1n\u00f3ba, vagy \u00e9ppen N\u00e1polyba \u00e9rkez\u00fcnk. Elt\u00f6lt\u00fcnk ott 3-4 napot, megn\u00e9zz\u00fck a v\u00e1rost, meg\u00edzlelj\u00fck az olasz konyha remekeit \u00e9s bet\u00e9ved\u00fcnk n\u00e9h\u00e1ny m\u00fazeumba. \u00c1t\u00e1llunk a saj\u00e1t p\u00f6rg\u00e9s\u00fcnkb\u0151l az olaszok kev\u00e9sb\u00e9 stresszes zsibong\u00e1s\u00e1ra, amely n\u00e9h\u00e1ny nap alatt elkezdi kit\u00f6r\u00f6lni akt\u00edv h\u00e9tk\u00f6znapjainkat. Ekkor ir\u00e1ny a vid\u00e9k, a t\u00e1j, a kis falvak Toszk\u00e1n\u00e1ban, a nemzeti parkok R\u00f3ma k\u00f6rny\u00e9k\u00e9n, vagy a k\u00f6z\u00e9pkori hangulat\u00fa helyek az olasz csizma orr\u00e1ban, N\u00e1polyt\u00f3l nem messze. Itt m\u00e1r minden csendesebb, nyugodtabb, egy k\u00e1v\u00e9 elfogyaszt\u00e1sa m\u00e1r egy \u00f3ra, egy eb\u00e9d vagy egy vacsora k\u00e9t \u00f3ra. \u00c9lvezz\u00fck a s\u00e9t\u00e1kat, a t\u00far\u00e1kat, gyalog vagy ker\u00e9kp\u00e1rral. S ekkor j\u00f6het a tengerparti pihen\u00e9s, \u00fasz\u00e1s, napoz\u00e1s, olvas\u00e1s. Itt m\u00e1r \u00f3r\u00e1kban m\u00e9rj\u00fck az \u00e9tkez\u00e9seket, az alv\u00e1sid\u0151t napk\u00f6zben \u00e9s a v\u00edzben vagy a parton t\u00f6lt\u00f6tt laz\u00edt\u00e1st. Mire visszacsomagoljuk a b\u0151r\u00f6ndjeinket, addigra kipihenten, felt\u00f6lt\u0151dve \u00e1llunk az \u00e9v m\u00e1sodik fele el\u00e9. S csal\u00e1dunk tagjainak k\u00fcl\u00f6nb\u00f6z\u0151 ig\u00e9nyei is kiel\u00e9g\u00edt\u00e9sre tal\u00e1lnak.<\/p>\r\n<p>No, de mi van akkor, ha \u00e9vk\u00f6zben nyugodtabbak vagyunk, nincs nagy p\u00f6rg\u00e9s k\u00f6r\u00fcl\u00f6tt\u00fcnk, van id\u0151nk a hobbijainkra, a kikapcsol\u00f3d\u00e1sra, s nincs alv\u00e1sdeficit\u00fcnk sem? Ekkor j\u00f6het egy igaz\u00e1n akt\u00edv pihen\u00e9s. V\u00e1rosok ezernyi l\u00e1tnival\u00f3val, m\u00fazeummal, gasztron\u00f3miai \u00e9s kultur\u00e1lis \u00e9lm\u00e9nnyel. Felfedez\u00e9sre v\u00e1r\u00f3 t\u00e1jak bakkancsos \u00e9s ker\u00e9kp\u00e1ros t\u00far\u00e1kkal, foly\u00f3k \u00e9s tavak a vizek szerelmeseinek. Itt is \u00e1lljon egy p\u00e9lda, mondjuk a m\u00e9lt\u00e1nytalanul kev\u00e9sb\u00e9 l\u00e1togatott N\u00e9metorsz\u00e1g. V\u00e9gigj\u00e1rhatjuk az eur\u00f3pai \u00e9let olyan k\u00f6zpontjait, mint Frankfurt vagy Hamburg, t\u00far\u00e1zhatunk a Fekete-erd\u0151ben, haj\u00f3zhatunk a Rajn\u00e1n, kell\u0151 b\u00e1tors\u00e1ggal tengerparton is fekhet\u00fcnk, t\u00f6bb ezer v\u00e1rat j\u00e1rhatunk be, s m\u00e9g hegyi t\u00far\u00e1kat is tehet\u00fcnk az Alpokban. Egyetlen orsz\u00e1g annyi akt\u00edv lehet\u0151s\u00e9ggel, amennyire nem is gondoln\u00e1nk, de err\u0151l majd hamarosan r\u00e9szletesebben \u00edrok. Most maradjunk ann\u00e1l, hogy eld\u00f6nts\u00fck mit is akarunk.<\/p>\r\n<p>Magunkba n\u00e9zve azt tal\u00e1ltuk, hogy mi nem akarunk t\u00far\u00e1zni, de a tengerpart sem \u00e9rdekel? A v\u00e1rosok kifejezetten ideges\u00edtenek? Hogy az emberekr\u0151l m\u00e1r ne is besz\u00e9lj\u00fcnk? Most mondhatn\u00e1m, hogy akkor z\u00e1rjuk magunkra az ajt\u00f3nkat otthon k\u00e9t h\u00e9tre, de nem mondom. Mindenkinek sz\u00fcks\u00e9ge van arra, hogy kiszakadjon a saj\u00e1t k\u00f6rnyezet\u00e9b\u0151l egy r\u00f6vid id\u0151re. Csomagoljuk csak be azt a b\u0151r\u00f6nd\u00f6t \u00e9s keress\u00fcnk egy olyan eldugott t\u00e1jat, ahol b\u00e9relhet\u00fcnk egy kis appartmant, ahol nincs a k\u00f6zel\u00fcnkben nagyv\u00e1ros, sem emberek, csak mi \u00e9s a term\u00e9szet. Hol van ilyen hely? Nos nagyon sok helyen Eur\u00f3p\u00e1ban. Elvonulhatunk Franciaorsz\u00e1g belsej\u00e9be, egy apr\u00f3 faluba, Sv\u00e1jc valamelyik hegyi faluja mell\u00e9, vagy Norv\u00e9gi\u00e1ba. No persze ezek egyike sem az olcs\u00f3 helyek k\u00f6z\u00e9 tartozik. Csendesebb \u00e9s olcs\u00f3bb v\u00e1rosokat tal\u00e1lunk \u00e9szak-keleten, \u00c9sztorsz\u00e1gban, Finnorsz\u00e1gban, esetleg lengyel f\u00f6ld\u00f6n. Kev\u00e9sb\u00e9 l\u00e1togatott, ez\u00e9rt nyugodtabb, de egy\u00e9b szempontb\u00f3l kev\u00e9sb\u00e9 komfortos helyek k\u00f6zz\u00e9 tartozik Alb\u00e1nia, vagy Montenegr\u00f3 is. Saj\u00e1t haz\u00e1nkban, Magyarorsz\u00e1gon is sz\u00e1mos lehet\u0151s\u00e9get tal\u00e1lunk az elvonul\u00e1sra, a vid\u00e9ki kast\u00e9lyokt\u00f3l, a falusi turizmus fantasztikus h\u00e1zaiig korl\u00e1tlanok a lehet\u0151s\u00e9geink.<\/p>\r\n<p>J\u00f3, j\u00f3, mindez sz\u00e9p, de \u00e9n a hobbimnak szeretn\u00e9k h\u00f3dolni a nyaral\u00e1s alatt \u2013 mondhatja b\u00e1rki. Ebben az esetben l\u00e1ssuk azt a hobbit. Nyilv\u00e1n a k\u00f6t\u00f6get\u00e9shez nem kell elutazni, a ker\u00e9kp\u00e1roz\u00e1s, vagy t\u00far\u00e1z\u00e1s m\u00e1r ezernyi lehet\u0151s\u00e9get k\u00edn\u00e1l, Hollandia, N\u00e9metorsz\u00e1g, Ausztria vagy Sv\u00e1jc milli\u00f3nyi ker\u00e9kp\u00e1r\u00fatj\u00e1val, t\u00fara\u00fatvonalaival v\u00e1r mindenkit. A vizek szerelmeseinek sem felt\u00e9tlen\u00fcl csak Olaszorsz\u00e1g vagy a horv\u00e1t partok maradnak, hiszen ott van Finnorsz\u00e1g vagy Sv\u00e9dorsz\u00e1g, esetleg a Fekete-tenger. Egyet azonban nem \u00e1rt \u00f6nmagunkban tiszt\u00e1zni: Milyen szinten m\u0171velem \u00e9n ezt a hobbit? Nem mindegy, hogy \u00fagy akarok hegyet m\u00e1szni, hogy eg\u00e9sz \u00e9vben meg sem moccantam a kanap\u00e9r\u00f3l, vagy an\u00e9lk\u00fcl szeretn\u00e9k v\u00edzit\u00far\u00e1ra menni, hogy tudn\u00e9k \u00faszni?! Lehetnek ilyen v\u00e1gyaink, de akkor \u00e9ppen most, janu\u00e1rban kell eld\u00f6nten\u00fcnk, hogy mi bizony hegyet m\u00e1szunk a ny\u00e1ron, s akkor mostant\u00f3l hetente k\u00e9tszer edz\u00e9seket tartunk. Janu\u00e1ri c\u00e9lkit\u0171z\u00e9snek, eg\u00e9szs\u00e9g\u00fcnk \u00e9rdek\u00e9ben sem rossz terv egy ilyen nyaral\u00e1s.<\/p>\r\n<p>Amennyiben az el\u0151z\u0151 n\u00e9h\u00e1ny kateg\u00f3ri\u00e1ban megtal\u00e1ltuk azt, amire v\u00e1gyunk, akkor tov\u00e1bb is l\u00e9phet\u00fcnk a k\u00f6vetkez\u0151 k\u00e9rd\u00e9sre: <strong>Melyik orsz\u00e1g, vagy t\u00e1jegys\u00e9g mellett d\u00f6nts\u00fcnk?<\/strong> De err\u0151l majd a k\u00f6vetkez\u0151 blogbejegyz\u00e9sben olvashattok.<\/p>","type":"rich","thumbnail_url":"https:\/\/eletsoja.cafeblog.hu\/files\/2015\/01\/utaz\u00e1sk\u00e9p-150x150.jpg","thumbnail_width":150,"thumbnail_height":150}