{"version":"1.0","provider_name":"\u00c9let s\u00f3ja","provider_url":"https:\/\/eletsoja.cafeblog.hu","author_name":"Bag\u00f3 T\u00fcnde","author_url":"https:\/\/eletsoja.cafeblog.hu\/author\/bago_tunde\/","title":"Vallat\u00f3sz\u00e9k 11. - T\u0171var\u00e1zslat","html":"<p style=\"text-align: center\"><strong>A kreativit\u00e1s, mint az \u00e9let s\u00f3ja - Interj\u00fa a T\u0171var\u00e1zslat blog szerz\u0151j\u00e9vel<\/strong><\/p>\r\n<p><em>Els\u0151 l\u00e1t\u00e1sra azt hiheti az Olvas\u00f3, hogy ma az \u00c9let s\u00f3ja blog profilj\u00e1t\u00f3l teljesen elt\u00e9r\u0151 riportot olvashat. Ez egy\u00e1ltal\u00e1n nem \u00edgy lesz, s\u0151t\u2026.<\/em><\/p>\r\n<p><em>A bloggerk\u00f6z\u00f6ss\u00e9gen bel\u00fcl - amelybe \u00e9n \u00e9s a blogom is tartozunk a N\u0151k Lapja Cafeblog oldal\u00e1n - keddenk\u00e9nt egym\u00e1ssal k\u00e9sz\u00edt\u00fcnk interj\u00fakat, hogy k\u00f6zelebb hozzuk a bloggereket az olvas\u00f3ikkal.<\/em><\/p>\r\n<p style=\"text-align: center\"><a href=\"https:\/\/eletsoja.cafeblog.hu\/files\/2015\/03\/vallat\u00f3sz\u00e9k.jpg\"><img class=\"alignnone size-large wp-image-2862\" src=\"https:\/\/eletsoja.cafeblog.hu\/files\/2015\/03\/vallat\u00f3sz\u00e9k-600x398.jpg\" alt=\"vallat\u00f3sz\u00e9k\" width=\"600\" height=\"398\" \/><\/a><\/p>\r\n<p><em>Ma, Te\u00e9si-Vass Zsuzsann\u00e1t ismerhetitek meg, aki a <a href=\"https:\/\/tvzs.cafeblog.hu\/\" target=\"_blank\">T\u0171var\u00e1zslat blog <\/a>szerz\u0151je. <\/em><\/p>\r\n<p style=\"text-align: center\"><a href=\"https:\/\/eletsoja.cafeblog.hu\/files\/2015\/03\/\u00e9n.jpg\"><img class=\"alignnone size-full wp-image-2802\" src=\"https:\/\/eletsoja.cafeblog.hu\/files\/2015\/03\/\u00e9n.jpg\" alt=\"\u00e9n\" width=\"236\" height=\"248\" \/><\/a><\/p>\r\n<p><em>A blog alc\u00edme: rongym\u00e1ni\u00e1s, foltvarr\u00f3s, varr\u00f3tanfolyamos. Azaz, egy kreat\u00edv blog. <\/em><\/p>\r\n<p><em>S akkor itt j\u00f6n a csavar, hogy mit is keres \u0151 most itt, n\u00e1lam. \u00c9n v\u00e1lasztottam \u0151t interj\u00faalanynak, s v\u00e9g\u00fcl \u0151 mondta ki, hogy mit is keres itt. <\/em><\/p>\r\n<p><em>Motiv\u00e1ci\u00f3m az volt, hogy megismerjek egy olyan bloggert, akinek az \u00edr\u00e1sait sok olyan ismer\u0151s\u00f6mnek aj\u00e1nlottam m\u00e1r, akik szeretnek varrogatni, \u00f6tleteket keresnek. L\u00e1ttam, hogy Zsuzsa \u00f6nmag\u00e1b\u00f3l inspir\u00e1l\u00f3dik, lelkesen mutatja be saj\u00e1t munk\u00e1it, s olyan technik\u00e1kat, amelyek megtetszenek neki a vil\u00e1gban. K\u00edv\u00e1ncsi voltam a bloggerre. S akkor j\u00f6tt a k\u00e9rdezz-felelek, ahol a v\u00e9g\u00e9n k\u00e9rd\u00e9s n\u00e9lk\u00fcl Zsuzsa egyszer csak \u2013 mintegy ars poeticak\u00e9nt \u2013 ezt mondta:<\/em><\/p>\r\n<p><em>\u201e\u00dagy gondolom, az embereknek nagy sz\u00fcks\u00e9g\u00fck van arra, hogy szabadon sz\u00e1rnyalhassanak, megmutass\u00e1k, legink\u00e1bb \u00f6nmaguknak, milyen sz\u00e9ps\u00e9geket k\u00e9pesek alkotni a k\u00e9t kez\u00fck munk\u00e1j\u00e1val.<\/em><\/p>\r\n<p><em>Erre az\u00e9rt van sz\u00fcks\u00e9g, mert a legt\u00f6bb munkahelyen megmondj\u00e1k, mi a dolgunk, mit \u00a0\u00e9s hogyan v\u00e1rnak el t\u0151l\u00fcnk, \u00edgy sz\u00e9pen lassan azt hissz\u00fck, hogy nincs is sz\u00fcks\u00e9g \u00f6n\u00e1ll\u00f3 gondolatokra. Alkot\u00e1s k\u00f6zben magunk d\u00f6nt\u00fcnk, mit \u00e9s hogyan akarunk l\u00e1tni \u00e9s l\u00e1ttatni, szabadon sz\u00e1rnyalhat a fant\u00e1zi\u00e1nk. Az alkot\u00e1s felt\u00f6lt, kif\u00e9nyes\u00edti a h\u00e9tk\u00f6znapi rohan\u00e1sban megt\u00f6rt lelket, \u00e9s magabiztoss\u00e1 tesz.\u201d<\/em><\/p>\r\n<p><em>Ezzel Zsuzsa kimondta, hogy mi az \u00c9let s\u00f3ja. Kimondta, hogy lehet az varr\u00e1s, f\u0151z\u00e9s, \u00edr\u00e1s, fot\u00f3z\u00e1s, minden, ami kreativit\u00e1st, \u00f6n\u00e1ll\u00f3 gondolkod\u00e1st ig\u00e9nyel, megf\u0171szerezi az \u00e9let\u00fcnket. <\/em><\/p>\r\n<p><em>Ismerj\u00e9tek meg most, ki is az a h\u00f6lgy, aki a blog \u00e9s a fenti ars poetica m\u00f6g\u00f6tt \u00e1ll. <\/em><\/p>\r\n<ul>\r\n<li><em>Minden \u00fatnak van eleje, a te varr\u00f3i utad hol kezd\u0151d\u00f6tt?<\/em><\/li>\r\n<\/ul>\r\n<ul>\r\n<li>Igaz\u00e1b\u00f3l, ha visszagondolok a gyermekkoromra, m\u00e1r akkor is pr\u00f3b\u00e1lkoztam a varr\u00e1ssal, persze kisebb-nagyobb sikerrel. A technika \u00f3r\u00e1kon is tanultunk varrni, de valahogy ott sosem szerepeltek a munk\u00e1im azok k\u00f6z\u00f6tt, amelyeket p\u00e9ldak\u00e9nt mutogatott a tan\u00e1runk. Tal\u00e1n az lehetett az oka, hogy \u00e9n m\u00e1r akkor is mindig egy m\u00e1sik utat j\u00e1rtam, nem szerettem ugyanolyat csin\u00e1lni, mint m\u00e1sok. Az eny\u00e9m valahogy minden alkalommal kil\u00f3gott a sorb\u00f3l, \u00edgy vagy \u00e9rt\u00e9kelhetetlen, vagy k\u00f6zepes min\u0151s\u00edt\u00e9st kapott. Otthon, a csal\u00e1dban mindk\u00e9t nagymam\u00e1m varrt, h\u00edmezgetett, \u00e9n meg n\u00e9ztem \u0151ket, ahogyan csin\u00e1lj\u00e1k. \u00c9retts\u00e9gi ut\u00e1n aranym\u0171ves vagy fogtechnikus szerettem volna lenni, de id\u0151k\u00f6zben kider\u00fclt, hogy f\u00e9m allergi\u00e1m van, \u00edgy a n\u0151i ruhak\u00e9sz\u00edt\u0151 szakma mellett d\u00f6nt\u00f6ttem. Az iskola ut\u00e1n, azonban m\u00e1sfel\u00e9 vitt az utam, dolgoztam vend\u00e9gl\u00e1t\u00e1sban, kereskedelemben, azt\u00e1n j\u00f6ttek a gyerekek. Akkoriban el\u00e9g unalmas ruh\u00e1kat lehetett kapni r\u00e1juk, \u00fagyhogy akkor vettem el\u0151 a tudom\u00e1nyomat el\u0151sz\u00f6r. El\u0151kotortam eml\u00e9keimb\u0151l, tanulm\u00e1nyaimb\u00f3l mindent. Varr\u00e1st, k\u00f6t\u00e9st, hiszen akkoriban a kab\u00e1tokhoz sz\u00ednben passzol\u00f3 sapka - s\u00e1l- keszty\u0171 szetteket nem lehetett olyan k\u00f6nnyen tal\u00e1lni. A gyerekeim im\u00e1dt\u00e1k az egyedi darabokat, \u00e9n meg rengeteget tanultam abban az id\u0151ben, olyasmiket, amit iskol\u00e1ban nem tan\u00edtanak, f\u0151leg nem egy ruhagy\u00e1ri tanm\u0171helyben. Miut\u00e1n \u00f6tven fel\u00e9 munka n\u00e9lk\u00fcl maradtam, \u00fajb\u00f3l visszany\u00faltam a hobbimhoz, h\u00e1tha lehet kezdeni vele valamit. Felfedeztem az \u00faj technik\u00e1kat, nemcsak a varr\u00e1s ter\u00fclet\u00e9n, hanem informatikailag is. Elkezdtem dokument\u00e1lni a munk\u00e1imat, le\u00edr\u00e1sok, majd fot\u00f3k k\u00e9sz\u00fcltek, s minden egy\u00fctt \u00e1llt egy bloghoz. No meg a facebookon val\u00f3 megjelen\u00e9shez. L\u00e1ttam, hogy sok az \u00e9rdekl\u0151d\u0151 rongym\u00e1ni\u00e1s, varrni szeret\u0151 ember, akik v\u00e1rj\u00e1k az \u00f6tleteket. Ekkor j\u00f6tt a Blokk-tanoda \u00f6tlete a blogra, ahol f\u00e1zisfot\u00f3kkal mutattam meg, hogyan is lesznek a foltokb\u00f3l blokkok. A N\u0151k Lapja Cafeblog oldal\u00e1ra v\u00e9letlen\u00fcl t\u00e9vedtem fel, s megl\u00e1ttam a VIP programot. Tudtam, hogy nekem ide azonnal be kell neveznem.<\/li>\r\n<\/ul>\r\n<ul>\r\n<li><em>Mit hozott neked a blog, a N\u0151k Lapja Cafeblog? <\/em><\/li>\r\n<\/ul>\r\n<ul>\r\n<li>Rengeteg ismer\u0151st, lehet\u0151s\u00e9get hozott. Tanfolyamokat is tartok id\u0151nk\u00e9nt, n\u00e9ha munka is akad, de amire igaz\u00e1n v\u00e1gyom, az m\u00e9g nem j\u00f6tt szembe. :-) Nagyon sz\u00edvesen \u00edrn\u00e9k cikkeket ebben a kimer\u00edthetetlen t\u00e9m\u00e1ban kreat\u00edv magazinokba. Sok \u00faj dolgot is megtanultam a blog miatt, vagy \u00e1ltala, amelyekkel nem biztos, hogy foglalkoztam volna. \u00c9ppen ez\u00e9rt is gondolom azt, hogy mindig \u00e9rdemes \u00faj dolgokba kezdeni, mindegy h\u00e1ny \u00e9ves az ember. Rengeteg pozit\u00edv visszajelz\u00e9st kapok, \u00e1tlagban 70 orsz\u00e1gban olvasnak. Sz\u00e1momra fantasztikus dolog, hogy ennyi ember k\u00edv\u00e1ncsi az \u00edr\u00e1saimra, pedig a blogom egy r\u00e9teg blog, nincs benne semmi bulv\u00e1ros. Sokan h\u00e1l\u00e1sak azok\u00e9rt a posztok\u00e9rt, amiben megmutatom mit \u00e9s hogyan lehet elk\u00e9sz\u00edteni, szeretik, ahogy \"sz\u00e1jba r\u00e1gom\" a f\u00e1zisokat. <\/li>\r\n<\/ul>\r\n<ul>\r\n<li><em>Melyik bejegyz\u00e9sedet tartod a legk\u00fcl\u00f6nlegesebbnek? Mi\u00e9rt?<\/em><\/li>\r\n<\/ul>\r\n<ul>\r\n<li>Melyik a legk\u00fcl\u00f6nlegesebb? Ohh, azt \u00e9n nem tudom meg\u00e1llap\u00edtani, sz\u00e1momra mindegyik az. Alapj\u00e1ban v\u00e9ve k\u00e9t csoportra oszthat\u00f3ak, az egyikben a saj\u00e1t munk\u00e1imr\u00f3l \u00edrok, a m\u00e1sikban megmutatom az \u00e9rdekl\u0151d\u0151knek, milyen csod\u00e1latos k\u00e9zimunk\u00e1k k\u00e9sz\u00fclnek, k\u00fcl\u00f6nb\u00f6z\u0151 technik\u00e1kkal a vil\u00e1gban. Sokan nem tudnak az interneten t\u00e1j\u00e9koz\u00f3dni, \u00edgy szeretik ezeket a t\u00edpus\u00fa posztokat is.<\/li>\r\n<\/ul>\r\n<p style=\"text-align: center\"><a href=\"https:\/\/eletsoja.cafeblog.hu\/files\/2015\/03\/nlc22.jpg\"><img class=\"alignnone size-large wp-image-2804\" src=\"https:\/\/eletsoja.cafeblog.hu\/files\/2015\/03\/nlc22-450x600.jpg\" alt=\"nlc22\" width=\"450\" height=\"600\" \/><\/a><\/p>\r\n<ul>\r\n<li><em>Melyik munk\u00e1d volt a legnehezebb? S mi\u00e9rt volt neh\u00e9z? Sz\u00fcletett r\u00f3la bejegyz\u00e9s?<\/em><\/li>\r\n<\/ul>\r\n<ul>\r\n<li>A legnehezebb munk\u00e1m az volt, amikor szembes\u00fcltem azzal, ahogy elrontottam, t\u00faldolgoztam egy sz\u00e9pnek indul\u00f3 darabot. Az els\u0151 bejegyz\u00e9s m\u00e9g <a href=\"https:\/\/tvzs.cafeblog.hu\/2014\/05\/23\/szerelem\/\" target=\"_blank\">Szerelem c\u00edm<\/a> alatt indult, a m\u00e1sodikn\u00e1l is \u00e9lt m\u00e9g a <a href=\"https:\/\/tvzs.cafeblog.hu\/2014\/05\/27\/szerelem-2\/\" target=\"_blank\">szerelem<\/a>, s v\u00e9g\u00fcl szembe kellett n\u00e9znem vele, hogy ez a <a href=\"https:\/\/tvzs.cafeblog.hu\/2014\/05\/31\/egy-szerelem-vege\/\" target=\"_blank\">szerelem v\u00e9get \u00e9rt<\/a>. Ah\u00e1nyszor r\u00e1n\u00e9zek, annyiszor vern\u00e9m falba a fejem. Tal\u00e1n el kellene aj\u00e1nd\u00e9koznom, de mivel bajom van vele, biztosan nem fogom. Elk\u00e9pzelhet\u0151, hogy egyszer \u00fajra elk\u00e9sz\u00edtem \u00e9s id\u0151ben hagyom abba a t\u0171z\u00e9st rajta.<\/li>\r\n<\/ul>\r\n<ul>\r\n<li><em>Melyik bejegyz\u00e9sed volt a legn\u00e9pszer\u0171bb? Mit gondolsz mi\u00e9rt \u00e9ppen az?<\/em><\/li>\r\n<\/ul>\r\n<ul>\r\n<li>A legt\u00f6bben, 3197-en a <a href=\"https:\/\/tvzs.cafeblog.hu\/2014\/11\/05\/toledneki\/\" target=\"_blank\">T\u0151led neki posztra<\/a> kattintottak, tal\u00e1n j\u00f3kor sz\u00fcletett \u00e9s j\u00f3kor ker\u00fclt ad\u00e1sba.<\/li>\r\n<\/ul>\r\n<ul>\r\n<li><em>Hol ismered meg a leg\u00fajabb trendeket?<\/em><\/li>\r\n<\/ul>\r\n<ul>\r\n<li>Amikor \u00e9ppen nem az \u00e1ltal\u00e1nos h\u00e1ziasszonyi, anyai teend\u0151immel vagyok elfoglalva, akkor folyamatosan a varr\u00e1ssal foglalkozom. A varr\u00f3g\u00e9p mellett \u00fcl\u00f6k, vagy a neten b\u00f6ng\u00e9szek, blogokat olvasok m\u00e1sok munk\u00e1ir\u00f3l, vagy a Pinterest oldalain n\u00e9zel\u0151d\u00f6m. Ez egy nagy kincsesb\u00e1nya minden t\u00e9m\u00e1ban.<\/li>\r\n<\/ul>\r\n[caption id=\"attachment_2806\" align=\"aligncenter\" width=\"600\"]<a href=\"https:\/\/eletsoja.cafeblog.hu\/files\/2015\/03\/WP_004219.jpg\"><img class=\"wp-image-2806 size-large\" src=\"https:\/\/eletsoja.cafeblog.hu\/files\/2015\/03\/WP_004219-600x450.jpg\" alt=\"WP_004219\" width=\"600\" height=\"450\" \/><\/a> Zsuzsa varr\u00f3szob\u00e1ja a maga naturalisztikus val\u00f3s\u00e1g\u00e1ban - ahogy \u0151 komment\u00e1lja.[\/caption]\r\n<ul>\r\n<li><em>A csal\u00e1d t\u00f6bbi tagja is hasonl\u00f3an kreat\u00edv, mint te?<\/em><\/li>\r\n<\/ul>\r\n<ul>\r\n<li>A fiam nagyon j\u00f3l rajzol \u00e9s fest, van egy k\u00e9pe, amit egyszer szeretn\u00e9k mozaiktechnik\u00e1val megvarrni. A f\u00e9rjem egyed\u00fcl \u00e9p\u00edtette fel a h\u00e1zunkat, k\u00fcl\u00f6nleges k\u00e9pess\u00e9ggel tud a semmib\u0151l is megcsin\u00e1lni, megjav\u00edtani b\u00e1rmit. A l\u00e1nyaim nagyon kreat\u00edvak a kommunik\u00e1ci\u00f3 \u00e9s a szervez\u00e9s ter\u00e9n. Szerintem mindenkinek van egy olyan adotts\u00e1ga, amire r\u00e1 lehet h\u00fazni, hogy kreat\u00edv, tal\u00e1l\u00e9kony, csak sokan nem hiszik el magukr\u00f3l.<\/li>\r\n<\/ul>\r\n<ul>\r\n<li><em>Kapt\u00e1l m\u00e1r negat\u00edv kritik\u00e1t? Hogyan reag\u00e1lt\u00e1l? Megviselt esetleg?<\/em><\/li>\r\n<\/ul>\r\n<ul>\r\n<li>Amikor az ember kiteszi mag\u00e1t, v\u00e9lem\u00e9ny\u00e9t, munk\u00e1j\u00e1t a nyilv\u00e1noss\u00e1g el\u00e9, bizony tal\u00e1lkozik ilyen-olyan v\u00e9lem\u00e9nnyel. A t\u00f6bbs\u00e9g \u00f6r\u00fcl, szereti a bejegyz\u00e9seimet, de term\u00e9szetesen n\u00e9ha akad m\u00e1smilyen megnyilv\u00e1nul\u00e1s is. Ha jogos a negat\u00edv kritika, akkor igyekszem v\u00e1ltoztatni, ha nyilv\u00e1nval\u00f3an ellenszenvb\u0151l ered, azzal nem foglalkozom, nem szerethet mindenki. \u00c9n sem szeretek mindenkit, nincs ezzel semmi baj. Z\u00e1rtak engem m\u00e1r ki facebook-os csoportb\u00f3l is, mert zavarta \u0151ket a hajnali pittyog\u00e1s, amikor jelezte a telefonjuk, hogy megosztottam n\u00e1luk valamit. Van ez \u00edgy, sok f\u00e9l\u00e9k vagyunk, \u00edgy kerek a vil\u00e1g.<\/li>\r\n<\/ul>\r\n<ul>\r\n<li><em>Gondolom az\u00e9rt sokkal jobb \u00e9rz\u00e9s pozit\u00edv visszajelz\u00e9seket kapni!?<\/em><\/li>\r\n<\/ul>\r\n<ul>\r\n<li>Nagyon j\u00f3 \u00e9rz\u00e9s az, amikor olyan levelet kapok, sz\u00e1momra ismeretlen n\u0151kt\u0151l, hogy az\u00e9rt \u00e1lltak neki varrni, mert olvast\u00e1k az \u00edr\u00e1saimat, \u00e9s megk\u00edv\u00e1nt\u00e1k a varr\u00e1st, az alkot\u00e1st. Az\u00e9rt kezdett bele sz\u00e1m\u00e1ra teljesen \u00faj dologba, mert l\u00e1tta n\u00e1lam, elolvasta, amiket \u00edrok \u00e9s \u00a0megpr\u00f3b\u00e1lta. \u0150, akinek soha esz\u00e9be sem jutott, \u00e9s \u00f6nmaga is csod\u00e1lkozik azon, hogy mire k\u00e9pes. A siker\u00e9lm\u00e9nyt nekem k\u00f6sz\u00f6ni, pedig \u0150 dolgozott meg \u00e9rte. Sok ilyen van. Amikor Frankfurtban voltam, nem tettem be id\u0151z\u00edtett \u00edr\u00e1sokat, k\u00edv\u00e1ncsi voltam hi\u00e1nyzom-e valakinek? Felt\u0171nik-e b\u00e1rkinek is, hogy nincs \u00fajabb bejegyz\u00e9s? Amikor ben\u00e9ztem a leveleim k\u00f6z\u00e9, t\u00f6bben is k\u00e9rdezt\u00e9k, mi van, beteg vagyok? Mi lesz a reggeli olvasnival\u00f3jukkal? Az ilyen reakci\u00f3k abszol\u00fat fel\u00fcl\u00edrj\u00e1k azokat, amiket nem felt\u00e9tlen\u00fcl a szeretet ihletett. \u00dagy gondolom, az embereknek nagy sz\u00fcks\u00e9g\u00fck van arra, hogy szabadon sz\u00e1rnyalhassanak, megmutass\u00e1k, legink\u00e1bb \u00f6nmaguknak, milyen sz\u00e9ps\u00e9geket k\u00e9pesek alkotni a k\u00e9t kez\u00fck munk\u00e1j\u00e1val. Erre az\u00e9rt van sz\u00fcks\u00e9g, mert a legt\u00f6bb munkahelyen megmondj\u00e1k, mi a dolgunk, mit \u00a0\u00e9s hogyan v\u00e1rnak el t\u0151l\u00fcnk, \u00edgy sz\u00e9pen lassan azt hissz\u00fck, hogy nincs is sz\u00fcks\u00e9g \u00f6n\u00e1ll\u00f3 gondolatokra. Alkot\u00e1s k\u00f6zben magunk d\u00f6nt\u00fcnk, mit \u00e9s hogyan akarunk l\u00e1tni \u00e9s l\u00e1ttatni, szabadon sz\u00e1rnyalhat a fant\u00e1zi\u00e1nk. Az alkot\u00e1s felt\u00f6lt, kif\u00e9nyes\u00edti a h\u00e9tk\u00f6znapi rohan\u00e1sban megt\u00f6rt lelket, \u00e9s magabiztoss\u00e1 tesz. Nem szabadna az iskolapadb\u00f3l kil\u00e9pve, lemondani az alkot\u00e1s \u00f6r\u00f6m\u00e9r\u0151l. \u00c9n ebben igyekszem seg\u00edteni azokat, akik olvasnak engem.<\/li>\r\n<\/ul>\r\n<p style=\"text-align: center\"><a href=\"https:\/\/eletsoja.cafeblog.hu\/files\/2015\/03\/nlc9931.jpg\"><img class=\"alignnone size-large wp-image-2805\" src=\"https:\/\/eletsoja.cafeblog.hu\/files\/2015\/03\/nlc9931-600x450.jpg\" alt=\"nlc9931\" width=\"600\" height=\"450\" \/><\/a><\/p>\r\n<ul>\r\n<li><em>Enn\u00e9l szebb gondolatokkal be sem fejezhetj\u00fck az interj\u00fat, k\u00f6sz\u00f6n\u00f6m \u00e9s nagyon sok sikert k\u00edv\u00e1nok a blogodhoz. Rem\u00e9lem hamarosan a kreat\u00edv magazinok is r\u00e1\u00e9brednek, hogy sz\u00fcks\u00e9g\u00fck van <\/em><em>Te\u00e9si-Vass Zsuzs\u00e1ra! <\/em><\/li>\r\n<\/ul>","type":"rich","thumbnail_url":"https:\/\/eletsoja.cafeblog.hu\/files\/2015\/03\/vallat\u00f3sz\u00e9k-150x150.jpg","thumbnail_width":150,"thumbnail_height":150}