{"version":"1.0","provider_name":"\u00c9let s\u00f3ja","provider_url":"https:\/\/eletsoja.cafeblog.hu","author_name":"Bag\u00f3 T\u00fcnde","author_url":"https:\/\/eletsoja.cafeblog.hu\/author\/bago_tunde\/","title":"\u00c9ld \u00e1t R\u00f3m\u00e1t m\u00e1sk\u00e9nt!","html":"<p>Arra \u00e9bredtem ma reggel, hogy nyolc \u00e9vvel kor\u00e1bbi r\u00f3mai eml\u00e9kek bolyongtak a fejemben. Az \u00f6r\u00f6k v\u00e1ros egy-egy utcar\u00e9szlete, egy-egy m\u00fazeuma, klassz k\u00e1v\u00e9z\u00f3i \u00e9s a Trevi-k\u00fat melletti fagyiz\u00f3 eml\u00e9ke mind helyet k\u00e9rtek \u00e9s kaptak a gondolataimban. Visszamenn\u00e9k m\u00e1r harmadszor is? Igen, m\u00e1ris induln\u00e9k! S hogy mi\u00e9rt? Azok\u00e9rt a rejtett csod\u00e1k\u00e9rt, amelyeket csak behat\u00f3bb tanulm\u00e1nyoz\u00e1s sor\u00e1n tal\u00e1l meg a k\u00edv\u00e1ncsi l\u00e1togat\u00f3 egy r\u00f3mai vak\u00e1ci\u00f3 alatt.\u00a0<\/p>\r\n<p>Lehet azt mondani, hogy ohh voltam m\u00e1r R\u00f3m\u00e1ban, l\u00e1ttam mindent, amit az \u00fatik\u00f6nyvek felsorolnak, megn\u00e9ztem az ezernyi m\u0171kincset a Vatik\u00e1ni m\u00fazeumban, bolyongtam az \u00f3korinak titul\u00e1lt k\u00f6vek k\u00f6z\u00f6tt a Forum Romanumban. Ki lehet pip\u00e1lni ezt is az eur\u00f3pai nagyv\u00e1rosok k\u00f6z\u00f6tt. No \u00e9ppen itt l\u00e1tom a probl\u00e9m\u00e1t a mai utaz\u00e1si trendek eset\u00e9ben. Nem akarunk elm\u00e9lyedni, csup\u00e1n pip\u00e1kat szeretn\u00e9nk gy\u0171jteni. Fel\u00fcletes a v\u00e1laszt\u00e1sunk, fel\u00fcletes a felk\u00e9sz\u00fcl\u00e9s\u00fcnk, s fel\u00fcletes az ottl\u00e9t\u00fcnk. Olyan, mint manaps\u00e1g a facebook, s sok-sok internetes weboldal. L\u00e1tunk egy vide\u00f3t, \u00e9rdekes, sz\u00e9p, elk\u00e9peszt\u0151, kreat\u00edv, vicces, borzalmas dolgok ugr\u00e1lnak a szem\u00fcnk el\u0151tt. S mi legt\u00f6bbsz\u00f6r hisz\u00fcnk a szem\u00fcnknek. Siker\u00fcl a kis gifnek lekapcsolnia az agyunkat. Nem gondoljuk v\u00e9gig. Pl\u00e1ne nem olvassuk el a k\u00eds\u00e9r\u0151 sz\u00f6veget - m\u00e1r ha van neki. Egyszer\u0171en elhissz\u00fck \u00e9s m\u00e1r osztjuk is.\u00a0<\/p>\r\n<p>Arra biztatn\u00e9k mindenkit, hogy ne higyje el, R\u00f3ma csak ennyi, csak a Forum Romanum, a Trevi-k\u00fat, a Vatik\u00e1n \u00e9s a t\u00f6bbi turista l\u00e1tv\u00e1nyoss\u00e1g. R\u00f3ma sokkal m\u00e9lyebbr\u0151l fakad, sz\u00f3 szerint is \u00e9s \u00e1tvitt \u00e9rtelemben is.<\/p>\r\n<p style=\"text-align: center\"><strong><em>\u00c9lj\u00fck \u00e1t m\u00e1sk\u00e9nt a vak\u00e1ci\u00f3t R\u00f3m\u00e1ban! Van is n\u00e9h\u00e1ny \u00f6tletem, hogyan!\u00a0<\/em><\/strong><\/p>\r\n<p><strong>Domitianus stadionj\u00e1ra \u00e9p\u00fclt a Piazza Navona\u00a0<\/strong><\/p>\r\n<p>R\u00f3ma egyik legh\u00edresebb ter\u00e9r\u0151l aligha gondoln\u00e1nk, hogy egy stadion felett \u00e1ll. A teret szeg\u00e9lyez\u0151 h\u00e1zak a n\u00e9z\u0151t\u00e9rre \u00e9p\u00fcltek r\u00e1, s az ov\u00e1lis alakzat, amelyet k\u00f6rbevesznek alapb\u00f3l egy stadionra eml\u00e9keztet. Bevallom ott \u00e1llva \u00e9s egy isteni h\u00fasos szendvicset majszolva magam is \u00fagy gondoltam, hogy a t\u00e9r maga az egykori k\u00fczd\u0151t\u00e9r. De ez nem \u00edgy van. A stadion j\u00f3val a t\u00e9r alatt helyezkedik el, s most mi is bekukkanthatunk al\u00e1. Megnyitott\u00e1k ugyanis csaknem 4 m\u00e9terrel a jelenlegi utcaszint alatt a stadion egy r\u00e9sz\u00e9t, amelyet a l\u00e1togat\u00f3k m\u00e9g \u00e9jszakai t\u00fara keret\u00e9ben is felfedezhetnek. Nappal a Piazza Navona - \u00e9jjel pedig az alatta rejt\u0151zk\u00f6d\u0151 stadion - micsoda program. A m\u00fazeumr\u00f3l b\u0151vebb <a href=\"http:\/\/stadiodomiziano.com\/en\/\">inf\u00f3t itt<\/a> tal\u00e1ltok.\u00a0<\/p>\r\n[caption id=\"attachment_4760\" align=\"aligncenter\" width=\"600\"]<a href=\"https:\/\/eletsoja.cafeblog.hu\/files\/2016\/05\/DSC0301.jpg\"><img class=\"wp-image-4760 size-large\" src=\"https:\/\/eletsoja.cafeblog.hu\/files\/2016\/05\/DSC0301-600x402.jpg\" alt=\"_DSC0301\" width=\"600\" height=\"402\" \/><\/a> Fot\u00f3: dr. Szalai Kriszti\u00e1n[\/caption]\r\n<p><strong>Szellemek \u00f3r\u00e1ja a Ponte Siston<\/strong><\/p>\r\n<p>A Ponte Sisto h\u00edd 1473-b\u00f3l sz\u00e1rmazik \u00e9s a Tiberis foly\u00f3n \u00edvel \u00e1t. A r\u00e9gi kis hidacska est\u00e9nk\u00e9nt kedvelt \u00fati c\u00e9l, de ez nem is csoda, hiszen az esti f\u00e9nyekben pomp\u00e1z\u00f3 Szent P\u00e9ter sz\u00e9kesegyh\u00e1z \u00e9s a lemen\u0151 nap sugarainak a v\u00edzen val\u00f3 visszat\u00fckr\u00f6z\u0151d\u00e9se nyugalommal tel\u00edtett k\u00e9pet ad az egy\u00e9bk\u00e9nt ny\u00fczsg\u0151 v\u00e1rosr\u00f3l. De a r\u00f3maiak \u00e9jf\u00e9lkor t\u00e1vol tartj\u00e1k magukat a h\u00eddt\u00f3l, ugyanis a legend\u00e1k szerint Donna Olimpia szelleme gar\u00e1zd\u00e1lkodik akkort\u00e1jt a h\u00eddon. X. Ince p\u00e1pa egykori szerelm\u00e9t az akkori n\u00e9p gy\u0171l\u00f6lte, aki ez\u00e9rt a mai napig bossz\u00fat \u00e1ll. Aki \u00e9jf\u00e9lkor a h\u00eddon j\u00e1r-kel, azt hal\u00e1lra r\u00e9miszti. Nem mindegyik r\u00f3mai f\u00e9l \u00e1m a szellemekt\u0151l, ezt bizony\u00edtja ugyanis, hogy \u00e9jszakai idegenvezet\u00e9st is csin\u00e1lnak a v\u00e1rosban. \u00c9jjel sokkal kevesebben vannak az utc\u00e1kon, s \u00edgy \u00e9lvezetesebb lehet a barangol\u00e1s. Nem besz\u00e9lve arr\u00f3l, hogy az idegenvezet\u0151k sz\u00e1mos szuper t\u00f6rt\u00e9nettel vannak felszerelkezve. Az \u00e9jszakai t\u00far\u00e1kr\u00f3l itt lehet <a href=\"https:\/\/www.getyourguide.de\/rom-l33\/das-dunkle-herz-von-rom-fakten-legenden-und-geheimnisse-t25531\/\">b\u0151vebb inform\u00e1ci\u00f3hoz<\/a> jutni.\u00a0<\/p>\r\n[caption id=\"attachment_4763\" align=\"aligncenter\" width=\"600\"]<a href=\"https:\/\/eletsoja.cafeblog.hu\/files\/2016\/05\/Ponte_Sisto_and_Dome_od_St._Peter_at_night_kicsik.jpg\"><img class=\"wp-image-4763 size-large\" src=\"https:\/\/eletsoja.cafeblog.hu\/files\/2016\/05\/Ponte_Sisto_and_Dome_od_St._Peter_at_night_kicsik-600x399.jpg\" alt=\"Ponte_Sisto_and_Dome_od_St._Peter_at_night_kicsik\" width=\"600\" height=\"399\" \/><\/a> Forr\u00e1s: Von Livioandronico2013 - Eigenes Werk, CC-BY-SA 4.0, https:\/\/commons.wikimedia.org\/w\/index.php?curid=41141715[\/caption]\r\n<p><strong>Kulin\u00e1ris kaland<\/strong><\/p>\r\n<p>Minden v\u00e1rosban az egyik legk\u00fcl\u00f6nlegesebbe kulin\u00e1ris kalandot a helyi piacon \u00e9lhetj\u00fck \u00e1t. Persze nem mindegy, hogy mikor \u00e9s hov\u00e1 megy\u00fcnk. A s\u00e1rmos\u00a0Campo de\u2019 Fiori a\u00a0Parione negyed k\u00f6zpontj\u00e1ban tal\u00e1lhat\u00f3. Kor\u00e1bban itt zajlottak a kiv\u00e9gz\u00e9sek, ma pedig ide j\u00e1rnak a r\u00f3maiak gy\u00fcm\u00f6lcs\u00e9rt, z\u00f6lds\u00e9g\u00e9rt, hal\u00e9rt \u00e9s vir\u00e1g\u00e9rt. Nemcsak a saj\u00e1t konyh\u00e1ik, hanem az \u00e9ttermeik sz\u00e1m\u00e1ra is itt v\u00e1s\u00e1rolnak naponta a hivat\u00e1sos \u00e9s a hobbi szak\u00e1csok is.\u00a0<\/p>\r\n<p><a href=\"https:\/\/eletsoja.cafeblog.hu\/files\/2016\/05\/italy-699650_640.jpg\"><img class=\"size-large wp-image-4762 aligncenter\" src=\"https:\/\/eletsoja.cafeblog.hu\/files\/2016\/05\/italy-699650_640-600x399.jpg\" alt=\"italy-699650_640\" width=\"600\" height=\"399\" \/><\/a><\/p>\r\n<p>A t\u00e9ren, az 1-es h\u00e1zsz\u00e1m alatt tal\u00e1lhat\u00f3 egy 1919 \u00f3ta m\u0171k\u00f6d\u0151 \u00e9lelmiszer\u00fczlet, a Ruggi, ahol ma az alap\u00edt\u00f3k unok\u00e1i \u00e1llnak a pult m\u00f6g\u00f6tt \u00e9s k\u00edn\u00e1lj\u00e1k a sajtokat, az antipastit, s a h\u00fas\u00e1r\u00fat. A h\u00e1z specialit\u00e1sa a bivalymozzarella \u00e9s a\u00a0Guanciale, amely sert\u00e9s pofaszalonn\u00e1ja. Az \u00fczletben mindig lehet k\u00f3stolni \u00e9s elk\u00e9sz\u00edt\u00e9si tan\u00e1csokat kapni. S ha ennyivel nem \u00e9rn\u00e9nk be, akkor \u00fatra kelhet\u00fcnk R\u00f3ma legid\u0151sebb pizzas\u00fct\u0151 h\u00f6lgy\u00e9vel, Francesca-val. A Food-Tour-r\u00f3kr\u00f3l <a href=\"https:\/\/www.getyourguide.com\/rome-l33\/rome-private-3-hour-food-tour-t47962\/\">itt kaphattok inform\u00e1ci\u00f3t<\/a>.\u00a0<\/p>\r\n<p><strong>Oldtimer-rel az \u0151si utc\u00e1kon<\/strong><\/p>\r\n<p>Ha\u00a0Alvise di Giulio el\u0151hozza az \u0151 tiritarka Fiat 500-\u00e1t a gar\u00e1zsb\u00f3l, akkor a r\u00f3maiak irigyked\u0151 pillant\u00e1sokat vetnek r\u00e1. Az olasz v\u00e1llalkoz\u00f3 3 \u00e9ve k\u00edn\u00e1l v\u00e1rosn\u00e9z\u0151 t\u00far\u00e1kat soksz\u00edn\u0171 aut\u00f3ival R\u00f3m\u00e1ban. Magunk v\u00e1laszthatjuk meg az aut\u00f3 sz\u00edn\u00e9t, s persze magunk is vezethetj\u00fck, mik\u00f6zben Alvise egy r\u00e1di\u00f3n magyar\u00e1zza a nevezetess\u00e9geket. Hogy mennyire lehet figyelni az olasz k\u00f6zleked\u00e9si k\u00e1oszban m\u00e9g a nevezetess\u00e9gekre is, arr\u00f3l k\u00e9ts\u00e9geim vannak, de az biztos, hogy a kis aut\u00f3 vezet\u00e9se egy \u00e9lm\u00e9ny. Nem besz\u00e9lve arr\u00f3l, amikor az olasz elir\u00e1ny\u00edt benn\u00fcnket a Colosseum fel\u00e9 \u00e9s k\u00f6r\u00f6ket r\u00f3hatunk le a h\u00edres \u00e9p\u00fclet k\u00f6r\u00fcl. A t\u00far\u00e1r\u00f3l i<a href=\"http:\/\/www.rome500exp.com\/\">tt t\u00e1j\u00e9koz\u00f3dhattok.\u00a0<\/a><\/p>\r\n<p><a href=\"https:\/\/eletsoja.cafeblog.hu\/files\/2016\/05\/fiat-500-867413_640.jpg\"><img class=\"size-large wp-image-4761 aligncenter\" src=\"https:\/\/eletsoja.cafeblog.hu\/files\/2016\/05\/fiat-500-867413_640-600x450.jpg\" alt=\"fiat-500-867413_640\" width=\"600\" height=\"450\" \/><\/a><\/p>\r\n<p><strong>Streetart R\u00f3m\u00e1ban<\/strong><\/p>\r\n<p>Vannak helyek, ahol biztosan bosszant\u00f3nak tal\u00e1ljuk az utcai t\u00e1bl\u00e1kra, falakra festett alkot\u00e1sokat. R\u00f3m\u00e1ban k\u00fcl\u00f6n\u00f6sen sok v\u00e1sznat tal\u00e1lnak \u00e9s tal\u00e1ltak maguknak a streetart m\u0171v\u00e9szei. S t\u00f6bbsz\u00f6r fog tetszeni nek\u00fcnk, mint ah\u00e1nyszor bosszant\u00f3nak \u00e9rezz\u00fck majd, hiszen az \u00f6r\u00f6k v\u00e1rosban nagyszer\u0171en tal\u00e1lt\u00e1k meg a m\u0171v\u00e9szek az \u00f6sszhangot a m\u0171veik \u00e9s a t\u00f6rt\u00e9nelem k\u00f6z\u00f6tt. A r\u00f3mai streetart soksz\u00edn\u0171s\u00e9g\u00e9t mutatja meg\u00a0Benjamin Messina vide\u00f3ja, aki egy App seg\u00edts\u00e9g\u00e9vel kereste meg a legjobb alkot\u00e1sokat a v\u00e1rosban. Ha kicsit szervezettebb keresg\u00e9l\u00e9sre v\u00e1gyunk, akkor <a href=\"http:\/\/www.notfortouristrome.com\/index.php\/en\/book-a-tour\/public-tours#id=street-art-public-tour-roma\">ezen a weboldalon<\/a> tal\u00e1lunk Streetart ut\u00e1n kutat\u00f3 t\u00far\u00e1t is.\u00a0<\/p>\r\n<p>Kedvcsin\u00e1l\u00f3nak itt van Benjamin vide\u00f3ja:<\/p>\r\n<p style=\"text-align: center\">[vimeo https:\/\/vimeo.com\/148003889 nolink]<\/p>\r\n<p style=\"text-align: center\"><em><strong>S nemcsak R\u00f3ma, hanem a t\u00f6bbi eur\u00f3pai nagyv\u00e1ros rejtett kincseit \u00e9rdemes \u00e1t\u00e9lni. Ha tetszett nektek ez a kalandoz\u00e1s, akkor hamarosan \u00fajabb nagyv\u00e1ros sz\u00ednfalai m\u00f6g\u00e9 kukkantunk be.\u00a0<\/strong><\/em><\/p>","type":"rich","thumbnail_url":"https:\/\/eletsoja.cafeblog.hu\/files\/2016\/05\/fiat-500-867413_640-150x150.jpg","thumbnail_width":150,"thumbnail_height":150}