{"version":"1.0","provider_name":"\u00c9let s\u00f3ja","provider_url":"https:\/\/eletsoja.cafeblog.hu","author_name":"Bag\u00f3 T\u00fcnde","author_url":"https:\/\/eletsoja.cafeblog.hu\/author\/bago_tunde\/","title":"B\u00f6lcsess\u00e9gd\u00edszek a kar\u00e1csonyf\u00e1tokra","html":"<p>A b\u00f6lcsess\u00e9g hossz\u00fa t\u00e1v\u00fa j\u00f3zans\u00e1g, az alapos megfigyel\u00e9s, meg\u00edt\u00e9l\u00e9s, sz\u00f3l\u00e1s, c\u00e9lszer\u0171 cselekv\u00e9s tulajdons\u00e1ga - \u00edrja a wikisz\u00f3t\u00e1r. Nagy divat manaps\u00e1g b\u00f6lcsess\u00e9geket megjelentetni, olvasni, megosztani a k\u00f6z\u00f6ss\u00e9gi oldalakon. Elolvassuk, s m\u00e1r nyomjuk is a tetszik gombot, megosztjuk. Vajon, h\u00e1nyan gondolkodnak el azon, amit olvastak? S vajon h\u00e1nyan cselekszenek az alapj\u00e1n, amire r\u00e1nyomt\u00e1k a tetszik gombot?\u00a0<\/p>\r\n<p>Egyet\u00e9rtek azokkal akik szerint az ember legfontosabb k\u00e9pess\u00e9ge a gondolkod\u00e1s. L\u00e1tunk, hallunk, \u00e9rz\u00fcnk, s mindezekr\u0151l gondolkodunk. Legal\u00e1bbis azt szeretn\u00e9m hinni, hogy minden ember \u00edgy m\u0171k\u00f6dik. \u00c9n pr\u00f3b\u00e1lok tudatosan gondolkodni. Nem reag\u00e1lok azonnal egy mondatra, egy h\u00edrre, egy vide\u00f3ra, egy \u00e9telre, egy esem\u00e9nyre. \u00c1tgondolom, el\u0151veszem a fejemben l\u00e9v\u0151 tud\u00e1st, haszn\u00e1lom, s csak ezut\u00e1n cselekszem vagy besz\u00e9lek. Sajnos manaps\u00e1g nagyon sok emberre ez nem jellemz\u0151. Rengetegen vannak, akik nem akarnak gondolkodni. Megnyomj\u00e1k a tetszik gombot a b\u00f6lcsess\u00e9g l\u00e1tt\u00e1n, de nem gondolkodnak el rajta. Innent\u0151l kezdve sz\u00e1mukra az a mondat m\u00e1r elvesz\u00edti a b\u00f6lcsess\u00e9g k\u00e9pess\u00e9g\u00e9t, csak egy mondat lesz. Nem t\u00f6bb, mint egy sz\u00e9p mondat.\u00a0<\/p>\r\n<p>Volt egy ismer\u0151s\u00f6m a facebookon, aki az \u00e9v k\u00f6zepe t\u00e1j\u00e1n elvesztette a p\u00e1rj\u00e1t. Egy\u00a0\u00e9rtelmes fiatal l\u00e1nyr\u00f3l van sz\u00f3. V\u00e9gig k\u00f6vettem az \u00e9v folyam\u00e1n bejegyz\u00e9seit, amelyek nem arr\u00f3l sz\u00f3ltak, hogy f\u00e1jdalm\u00e1ban mindenf\u00e9le sz\u00e9p mond\u00e1sokat, b\u00f6lcsess\u00e9gnek t\u0171n\u0151 ki\u00edr\u00e1sokat tetszikelt, hanem a saj\u00e1t \u00e9rz\u00e9seit, gondolatait \u00edrta ki az \u00fczen\u0151fal\u00e1ra. P\u00e1r h\u00f3nap alatt a saj\u00e1t b\u00f6lcsess\u00e9geivel kih\u00fazta mag\u00e1t a g\u00f6d\u00f6rb\u0151l, amibe akkor ker\u00fclt, amikor a v\u0151leg\u00e9nye meghalt. S most nem arr\u00f3l besz\u00e9lek, hogy elfelejtette a szerelm\u00e9t, s m\u00e1sik szerelemre tal\u00e1lt, hanem arr\u00f3l, hogyan jutott el a <em>n\u00e9lk\u00fcle nincs \u00e9rtelme az \u00e9letemnek<\/em> gondolatt\u00f3l, a <em>miatta kell \u00e9lnem az \u00e9letemen<\/em> \u00e1t, addig a gondolatig, hogy a <em>boldogs\u00e1gra kell t\u00f6rekedni<\/em>e. Nem tett m\u00e1st, csak gondolkodott. Figyelte \u00f6nmag\u00e1t, figyelte az \u00e9rz\u00e9seit, figyelte a k\u00f6rnyezet\u00e9t, figyelte az \u0151t \u00e9r\u0151 hat\u00e1sokat, s kell\u0151 j\u00f3zans\u00e1ggal gondolkodott. \u00c9n pedig figyeltem ismer\u0151seit, tetszikel\u0151it is. Nagyon sokan csak a sajn\u00e1lattal fordultak fel\u00e9, minden ki\u00edr\u00e1s\u00e1ra a s\u00edr\u00f3s ikont nyomt\u00e1k. De csak kevesen \u00f6rvendeztek azon, hogy ez az \u00e9rtelmes l\u00e1ny arra haszn\u00e1lja a fej\u00e9ben l\u00e9v\u0151 tud\u00e1s\u00e1t, hogy gondolkodjon. S m\u00e9g kevesebben gondolt\u00e1k azt, hogy a b\u00f6lcsess\u00e9g mestere ismeri a boldogs\u00e1g titk\u00e1t, s ezekkel a gondolatokkal ez a l\u00e1ny \u00e9ppen a boldogs\u00e1g fel\u00e9 halad.<\/p>\r\n[caption id=\"attachment_5952\" align=\"aligncenter\" width=\"600\"]<a href=\"https:\/\/eletsoja.cafeblog.hu\/2016\/12\/22\/bolcsessegdiszek-a-karacsonyfatokra\/the-thinker-1431333_640\/\" rel=\"attachment wp-att-5952\"><img class=\"wp-image-5952 size-large\" src=\"https:\/\/eletsoja.cafeblog.hu\/files\/2016\/12\/the-thinker-1431333_640-600x349.jpg\" alt=\"the-thinker-1431333_640\" width=\"600\" height=\"349\" \/><\/a> Rodin: A gondolkod\u00f3[\/caption]\r\n<p>R\u00e9szben miatta, r\u00e9szben pedig az\u00e9rt, mert a vil\u00e1gban egyre t\u00f6bb jel mutat arra, hogy az emberek nagy t\u00f6bbs\u00e9ge elfelejt gondolkodni, hat\u00e1roztam el, hogy \u00e9n bizony v\u00e9gig gondolkodom az adventi id\u0151szakot. Kiv\u00e1lasztottam n\u00e9h\u00e1ny fogalmat, amelyekr\u0151l hosszasan elgondolkodtam, s meg\u00edrtam a saj\u00e1t b\u00f6lcselked\u00e9seimet. Sz\u00e1nd\u00e9kosan nem b\u00f6lcsess\u00e9get \u00edrok, mert \u00fagy gondolom, hogy \u00f6nmag\u00e1t, s \u00f6nmaga gondolatait nem nevezheti az ember b\u00f6lcsess\u00e9gnek, csup\u00e1n b\u00f6lcselked\u00e9snek, amelyek majd az id\u0151, a tapasztalat, a meg\u00edt\u00e9l\u00e9s, s a tov\u00e1bbi megfigyel\u00e9sek \u00e1ltal v\u00e1lhatnak b\u00f6lcsess\u00e9gg\u00e9.<\/p>\r\n<p>Az \u00e9n kis fogalmaimmal m\u00e1r a <a href=\"https:\/\/www.facebook.com\/eletsojablog\/\" target=\"_blank\">blog facebook<\/a> \u00e9s <a href=\"https:\/\/www.instagram.com\/eletsoja\/\" target=\"_blank\">instagram oldal\u00e1n<\/a> az adventi id\u0151szakban tal\u00e1lkozhattatok, ahogyan itt is az oldals\u00e1vban. S most, hogy m\u00e1r csak alig p\u00e1r \u00f3ra van kar\u00e1csonyig, itt is megmutatom nektek azzal, hogy gondolkodjatok el rajtuk, alkoss\u00e1tok meg a ti, saj\u00e1t b\u00f6lcselked\u00e9seiteket, s akassz\u00e1tok d\u00edszk\u00e9nt a feny\u0151re, amelyet lak\u00e1sotokban val\u00f3j\u00e1ban vagy virtu\u00e1lisan fel\u00e1ll\u00edtotok.\u00a0<\/p>\r\n<h3 style=\"text-align: center\"><strong>A gondolkod\u00f3 advent ut\u00e1n gondolkod\u00f3 \u00fcnnepet k\u00edv\u00e1nok, s ne feledj\u00e9tek, hogy az ember legfontosabb k\u00e9pess\u00e9ge a gondolkod\u00e1s.\u00a0<\/strong><\/h3>\r\n<p><a href=\"https:\/\/eletsoja.cafeblog.hu\/2016\/12\/22\/bolcsessegdiszek-a-karacsonyfatokra\/christmas-1824744_640-2\/\" rel=\"attachment wp-att-5947\"><img class=\"size-large wp-image-5947 aligncenter\" src=\"https:\/\/eletsoja.cafeblog.hu\/files\/2016\/12\/christmas-1824744_640-600x399.jpg\" alt=\"christmas-1824744_640\" width=\"600\" height=\"399\" \/><\/a><\/p>\r\n<p>&nbsp;<\/p>\r\n<p><a href=\"https:\/\/eletsoja.cafeblog.hu\/bottle-1565681_640\/\"><img class=\"size-large wp-image-5845 aligncenter\" src=\"https:\/\/eletsoja.cafeblog.hu\/files\/2016\/12\/bottle-1565681_640-600x338.jpg\" alt=\"bottle-1565681_640\" width=\"600\" height=\"338\" \/><\/a><\/p>\r\n<p><a href=\"https:\/\/eletsoja.cafeblog.hu\/2016\/12\/22\/bolcsessegdiszek-a-karacsonyfatokra\/rope-1469244_640-2\/\" rel=\"attachment wp-att-5948\"><img class=\"size-large wp-image-5948 aligncenter\" src=\"https:\/\/eletsoja.cafeblog.hu\/files\/2016\/12\/rope-1469244_640-1-600x397.jpg\" alt=\"rope-1469244_640\" width=\"600\" height=\"397\" \/><\/a><\/p>\r\n<p>&nbsp;<\/p>\r\n<p><a href=\"https:\/\/eletsoja.cafeblog.hu\/ball-1845545_640\/\"><img class=\"size-large wp-image-5872 aligncenter\" src=\"https:\/\/eletsoja.cafeblog.hu\/files\/2016\/12\/ball-1845545_640-600x399.jpg\" alt=\"ball-1845545_640\" width=\"600\" height=\"399\" \/><\/a><\/p>\r\n<p><a href=\"https:\/\/eletsoja.cafeblog.hu\/2016\/12\/22\/bolcsessegdiszek-a-karacsonyfatokra\/photo-256889_640-2\/\" rel=\"attachment wp-att-5949\"><img class=\"size-large wp-image-5949 aligncenter\" src=\"https:\/\/eletsoja.cafeblog.hu\/files\/2016\/12\/photo-256889_640-1-600x397.jpg\" alt=\"photo-256889_640\" width=\"600\" height=\"397\" \/><\/a><\/p>\r\n<p><a href=\"https:\/\/eletsoja.cafeblog.hu\/2016\/12\/22\/bolcsessegdiszek-a-karacsonyfatokra\/angel-1240953_640_kicsik-3\/\" rel=\"attachment wp-att-5950\"><img class=\"size-large wp-image-5950 aligncenter\" src=\"https:\/\/eletsoja.cafeblog.hu\/files\/2016\/12\/angel-1240953_640_kicsik-2-600x353.jpg\" alt=\"angel-1240953_640_kicsik\" width=\"600\" height=\"353\" \/><\/a><\/p>\r\n<p>&nbsp;<\/p>\r\n<p>&nbsp;<\/p>\r\n<p><a href=\"https:\/\/eletsoja.cafeblog.hu\/vintage-1823436_640\/\"><img class=\"size-large wp-image-5901 aligncenter\" src=\"https:\/\/eletsoja.cafeblog.hu\/files\/2016\/12\/vintage-1823436_640-600x416.png\" alt=\"vintage-1823436_640\" width=\"600\" height=\"416\" \/><\/a><\/p>\r\n<p><a href=\"https:\/\/eletsoja.cafeblog.hu\/fire-heart-961194_640\/\"><img class=\"size-large wp-image-5922 aligncenter\" src=\"https:\/\/eletsoja.cafeblog.hu\/files\/2016\/12\/fire-heart-961194_640-600x399.jpg\" alt=\"fire-heart-961194_640\" width=\"600\" height=\"399\" \/><\/a><\/p>\r\n<p><a href=\"https:\/\/eletsoja.cafeblog.hu\/idezet7\/\"><img class=\"size-large wp-image-5944 aligncenter\" src=\"https:\/\/eletsoja.cafeblog.hu\/files\/2016\/12\/idezet7-600x399.jpg\" alt=\"idezet7\" width=\"600\" height=\"399\" \/><\/a><\/p>\r\n<p><a href=\"https:\/\/eletsoja.cafeblog.hu\/2016\/12\/22\/bolcsessegdiszek-a-karacsonyfatokra\/szeretet\/\" rel=\"attachment wp-att-5954\"><img class=\"size-large wp-image-5954 aligncenter\" src=\"https:\/\/eletsoja.cafeblog.hu\/files\/2016\/12\/szeretet-600x399.jpg\" alt=\"szeretet\" width=\"600\" height=\"399\" \/><\/a><\/p>","type":"rich","thumbnail_url":"https:\/\/eletsoja.cafeblog.hu\/files\/2016\/12\/the-thinker-1431333_640-150x150.jpg","thumbnail_width":150,"thumbnail_height":150}