{"version":"1.0","provider_name":"\u00c9let s\u00f3ja","provider_url":"https:\/\/eletsoja.cafeblog.hu","author_name":"Bag\u00f3 T\u00fcnde","author_url":"https:\/\/eletsoja.cafeblog.hu\/author\/bago_tunde\/","title":"\u00dajabb kast\u00e9ly \u00e1lma v\u00e1lt val\u00f3ra","html":"<p>A kast\u00e9lyoknak nemcsak t\u00f6rt\u00e9neteik, k\u00eds\u00e9rteteik \u00e9s titkos ajtajaik vannak, hanem \u00e1lmaik is. \u00c1lmodnak arr\u00f3l, hogy lak\u00f3ik visszat\u00e9rnek. \u00c1lmodnak arr\u00f3l, hogy \u00fajra vend\u00e9gek n\u00e9pes\u00edtik be a szalonjaikat, s \u00e1lmodnak egy hozz\u00e1juk m\u00e9lt\u00f3 haszn\u00e1latr\u00f3l. A feh\u00e9rv\u00e1rcsurg\u00f3i K\u00e1rolyi-kast\u00e9ly \u00e1lma most val\u00f3ra v\u00e1lt, ott voltunk, l\u00e1ttuk, laktuk, \u00e9lvezt\u00fck \u00e9s aj\u00e1nljuk.<\/p>\r\n[caption id=\"attachment_5971\" align=\"aligncenter\" width=\"600\"]<a href=\"https:\/\/eletsoja.cafeblog.hu\/2017\/01\/01\/ujabb-kastely-alma-valt-valora\/fehervarcsurgo_kastely_karacsony_kicsik\/\" rel=\"attachment wp-att-5971\"><img class=\"wp-image-5971 size-large\" src=\"https:\/\/eletsoja.cafeblog.hu\/files\/2017\/01\/fehervarcsurgo_kastely_karacsony_kicsik-600x397.jpg\" alt=\"fehervarcsurgo_kastely_karacsony_kicsik\" width=\"600\" height=\"397\" \/><\/a> Fot\u00f3: dr. Szalai Kriszti\u00e1n[\/caption]\r\n<p>A b\u00e9k\u00e9s megyei <a href=\"https:\/\/eletsoja.cafeblog.hu\/2015\/04\/02\/egy-kastely-alma-bekes-megyeben\/\" target=\"_blank\">Br\u00e9da-kast\u00e9ly<\/a> kapcs\u00e1n \u00edrt cikkem sor\u00e1n egy olvas\u00f3m \"megv\u00e1dolt\" azzal, hogy \u00e9n dics\u0151\u00edtem az arisztokratikus rendszert, s szeretn\u00e9m, ha az urak visszat\u00e9rn\u00e9nek. M\u00e1ig nem \u00e9rtem, hogy egy m\u0171v\u00e9szeti alkot\u00e1s ir\u00e1nti rajong\u00e1somt\u00f3l hogyan jutott az olvas\u00f3 id\u00e1ig! Sz\u00e1momra ugyanis ezek a kast\u00e9lyok m\u0171v\u00e9szeti alkot\u00e1sok, \u00e9ppen \u00fagy, ahogyan a <a href=\"https:\/\/eletsoja.cafeblog.hu\/2016\/11\/08\/a-komolyzene-palota-lesz-az-uj-divat\/\" target=\"_blank\">modern kult\u00farpalot\u00e1k<\/a>, vagy <a href=\"https:\/\/eletsoja.cafeblog.hu\/2012\/02\/06\/muzeumi-seta-parizsban-egy-szelet-tatin-tortaval-es-a-receptjevel\/\" target=\"_blank\">Rodin szobrai<\/a>. Ugyanis komoly fant\u00e1zia, kreativit\u00e1s, tervez\u00e9s, m\u0171v\u00e9szeti munka, s tehets\u00e9g eredm\u00e9nyei ezek az \u00e9p\u00fcletek is, s ahogyan egy szobrot nem t\u00f6r\u00fcnk sz\u00e9t, vagy egy m\u00fazeumot nem rabolunk ki, \u00fagy a kast\u00e9lyokat sem illik lerombolni, kifosztani, hagyni, hogy az eny\u00e9szet uralja.\u00a0<\/p>\r\n<p>A <a href=\"https:\/\/karolyikastely.accenthotels.com\/\" target=\"_blank\">feh\u00e9rv\u00e1rcsurg\u00f3i K\u00e1rolyi-kast\u00e9lyt<\/a> nem kisebb szem\u00e9ly tervezte, mint az a Heinrich Koch, aki az angol klasszicista st\u00edlus\u00fa pesti K\u00e1rolyi-palot\u00e1t \u00e9p\u00edtette \u00e1t, s a munk\u00e1latok fel\u00fcgyelet\u00e9t a helysz\u00ednen pedig Ybl Mikl\u00f3s l\u00e1tta el. A XX. sz\u00e1zad els\u0151 \u00e9vtized\u00e9ben a kast\u00e9ly parkj\u00e1nak angolkert jelleg\u0171 kialak\u00edt\u00e1st a h\u00edres Hein J\u00e1nos t\u00e1jkert\u00e9sz v\u00e9gezte. Van m\u00e9g valakinek k\u00e9ts\u00e9ge afel\u0151l, hogy egy m\u0171v\u00e9szeti alkot\u00e1sr\u00f3l besz\u00e9lek?<\/p>\r\n[caption id=\"attachment_5972\" align=\"aligncenter\" width=\"600\"]<a href=\"https:\/\/eletsoja.cafeblog.hu\/2017\/01\/01\/ujabb-kastely-alma-valt-valora\/fehervarcsurgo_kastelypark_kicsik\/\" rel=\"attachment wp-att-5972\"><img class=\"wp-image-5972 size-large\" src=\"https:\/\/eletsoja.cafeblog.hu\/files\/2017\/01\/fehervarcsurgo_kastelypark_kicsik-600x451.jpg\" alt=\"fehervarcsurgo_kastelypark_kicsik\" width=\"600\" height=\"451\" \/><\/a> Fot\u00f3: dr. Szalai Kriszti\u00e1n[\/caption]\r\n<p>Ha igen, akkor tan\u00fabizonys\u00e1g v\u00e9gett, ha nem, akkor \"csup\u00e1n\" \u00e9rdekl\u0151d\u00e9sb\u0151l nyomban el kell l\u00e1togatni Feh\u00e1rv\u00e1rcsurg\u00f3ra.\u00a0<\/p>\r\n[caption id=\"attachment_5970\" align=\"aligncenter\" width=\"600\"]<a href=\"https:\/\/eletsoja.cafeblog.hu\/2017\/01\/01\/ujabb-kastely-alma-valt-valora\/fehervarcsurgo_kastely_pano_kicsik\/\" rel=\"attachment wp-att-5970\"><img class=\"wp-image-5970 size-large\" src=\"https:\/\/eletsoja.cafeblog.hu\/files\/2017\/01\/fehervarcsurgo_kastely_pano_kicsik-600x206.jpg\" alt=\"fehervarcsurgo_kastely_pano_kicsik\" width=\"600\" height=\"206\" \/><\/a> Fot\u00f3: dr. Szalai Kriszti\u00e1n[\/caption]\r\n<p>Mert a kast\u00e9ly \u00e1lma ma m\u00e1r - k\u00f6sz\u00f6nhet\u0151en a magyar \u00e1llamnak \u00e9s a K\u00e1rolyi-csal\u00e1dnak - val\u00f3ra v\u00e1lt. A h\u00e1bor\u00fat k\u00f6vet\u0151 \u00e9vtizedek rombol\u00e1s\u00e1nak mostanra m\u00e1r csak alig \u00e9szrevehet\u0151 nyomai vannak, s a szalonok is ben\u00e9pes\u00fcltek. A k\u00f6nyvt\u00e1rban az el\u00e9getett, felbecs\u00fclhetetlen \u00e9rt\u00e9k\u0171 k\u00f6nyvek hely\u00e9re \u00fajabb k\u00f6nyvek, az \u00e9tkez\u0151be az egyetlen megmaradt eredeti sz\u00e9k alapj\u00e1n k\u00e9sz\u00fclt m\u00e1solatok, a szob\u00e1kba eleg\u00e1ns text\u00edli\u00e1k, s a leveg\u0151be pedig hatalmas vend\u00e9gszeretet ker\u00fclt.\u00a0<\/p>\r\n<p>Nem csup\u00e1n egy kast\u00e9lysz\u00e1ll\u00f3, ann\u00e1l sokkal t\u00f6bb. Egy hely, amelynek minden porcik\u00e1j\u00e1b\u00f3l az eur\u00f3pai kult\u00fara sug\u00e1rzik. Egy hely, ahol a jelsz\u00f3: kikapcsoltam. Nemcsak telefont, nemcsak tv-t, hanem az id\u0151t, a stresszt is. Nincs wellness, nincs zen\u00e9s b\u00e1r, nincs minigolf, van viszont egy fantasztikus \u00e9tterem francia hat\u00e1sokkal, egy 50 hekt\u00e1ros park t\u00f3val, s\u00e9tautakkal, egy k\u00e1polna, egy k\u00f6nyvt\u00e1r, egy boros pince, 20 f\u0151\u00fari k\u00e9nyelmet ny\u00fajt\u00f3 szoba, sz\u00e1mos cs\u00f6ndes szalon, kedves \u00e9s figyelmes szem\u00e9lyzet. T\u00f6k\u00e9letes csal\u00e1di rendezv\u00e9nyekre. T\u00f6k\u00e9letes elvonulni a vil\u00e1g zaj\u00e1t\u00f3l. T\u00f6k\u00e9letes hely alkotni.\u00a0<\/p>\r\n<p><em>M\u00e9g t\u00f6bb k\u00e9p\u00e9rt kattint\u00e1s a gal\u00e9ri\u00e1ra - Fot\u00f3k: dr. Szalai Kriszti\u00e1n<\/em><\/p>\r\n<p>[gallery size=\"full\" columns=\"1\" ids=\"5980,5979,5978,5977,5976,5975,5974,5973\"]<\/p>\r\n<p>A kar\u00e1csonyt nem otthon t\u00f6lteni tal\u00e1n sokak szerint furcsa, de egy Eur\u00f3p\u00e1ban, s Magyarorsz\u00e1gon j\u00f3l sz\u00e9tsz\u00f3rt csal\u00e1d eset\u00e9ben m\u00e9gsem olyan isten ellen val\u00f3 v\u00e9tek. Megpr\u00f3b\u00e1ltuk \u00e9s K\u00e1rolyi\u00e9k kast\u00e9ly\u00e1ban nem is siker\u00fclhetett volna jobban az \u00fcnnep. A szob\u00e1kban \u00e9l\u0151 kar\u00e1csonyf\u00e1k, a szalonban forralt bor, bejgli, az \u00e9tteremben \u00fcnnepi vacsora, s nemcsak a szem\u00e9lyzet, de a falak, a t\u00e1rgyak, az eg\u00e9sz \u00e9p\u00fclet a szeretetet sug\u00e1rozta. S mindez a magyar fizet\u00e9sekhez igaz\u00edtott \u00e1ron. \u00a0<\/p>\r\n<p>A legnagyobb probl\u00e9m\u00e1m csup\u00e1n az volt, hogy nem pr\u00f3b\u00e1lhattam ki a kast\u00e9ly ny\u00fajtotta - sz\u00e1momra var\u00e1zslatos - szolg\u00e1ltat\u00e1sok z\u00f6m\u00e9t: v\u00e9gigj\u00e1rhattam a kast\u00e9lyt egy t\u00e1rlatvezet\u0151vel, de a kertben az id\u0151j\u00e1r\u00e1s miatt csak egy r\u00f6vid s\u00e9t\u00e1ra volt lehet\u0151s\u00e9g. Holott ny\u00e1ron m\u00e9g piknik kosarat is kaphat a vend\u00e9g, s akk\u00e1r egy napra is a park lak\u00f3ja lehet. Nem hallgathattam meg egy szabadt\u00e9ri, gyertyaf\u00e9nyes koncertet, mert az csup\u00e1n csak j\u00faliusban van. Nem vehettem r\u00e9szt egy f\u0151\u00fari, szilveszteri b\u00e1lban, mert m\u00e1r m\u00e1shova \u00edg\u00e9rkezt\u00fcnk el. S nem lehettem \u00fajra gyerek, hogy r\u00e9szt vehessek az olyan m\u00fazeumpedag\u00f3giai programokban, mint a k\u00e9peslapok vil\u00e1ga, a \"Se goly\u00f3stoll, se spir\u00e1lf\u00fczet, se iskolabusz\" iskolat\u00f6rt\u00e9neti program, a c\u00edmereket \u00e9s csal\u00e1df\u00e1kat sem kutathattam, s nem indulhattam botanikai felfedez\u0151 \u00fatra a parkban.\u00a0<\/p>\r\n<p>Nem, mindent nem kaphattam meg K\u00e1rolyi\u00e9kt\u00f3l, akik a kast\u00e9ly egyik sz\u00e1rny\u00e1b\u00f3l ma is tev\u00e9kenyen fel\u00fcgyelt\u00e9k az \u00e9n \u00fcnnepemet, akik mindent megtesznek a magyar kult\u00fara \u00e9s az eur\u00f3pai kult\u00fara\u00a0m\u00e9g sz\u00e9lesebbk\u00f6r\u0171 integr\u00e1l\u00e1s\u00e1\u00e9rt, s akik a kast\u00e9ly haszn\u00e1lati jog\u00e1val megpr\u00f3b\u00e1lnak a legjobban gazd\u00e1lkodni, de kaptam egy, mit egy, t\u00f6bb \u00e1lmot, amely\u00e9rt \u00e9rdemes visszat\u00e9rnem Feh\u00e9rv\u00e1rcsurg\u00f3ra.\u00a0<\/p>\r\n<p>(Feh\u00e9rv\u00e1rcsurg\u00f3 Sz\u00e9kesfeh\u00e9rv\u00e1rt\u00f3l 10 km-re tal\u00e1lhat\u00f3, a Bakony- \u00e9s a V\u00e9rtes-hegys\u00e9g tal\u00e1lkoz\u00e1s\u00e1n\u00e1l. A k\u00f6zelben tal\u00e1lhat\u00f3 Cs\u00f3kak\u0151 v\u00e1ra.)<\/p>","type":"rich","thumbnail_url":"https:\/\/eletsoja.cafeblog.hu\/files\/2017\/01\/fehervarcsurgo_kastely_karacsony_kicsik-150x150.jpg","thumbnail_width":150,"thumbnail_height":150}