{"version":"1.0","provider_name":"\u00c9let s\u00f3ja","provider_url":"https:\/\/eletsoja.cafeblog.hu","author_name":"Bag\u00f3 T\u00fcnde","author_url":"https:\/\/eletsoja.cafeblog.hu\/author\/bago_tunde\/","title":"N\u0151i test a term\u00e9szet \u00f6lel\u00e9s\u00e9ben","html":"<p>A term\u00e9szet \u00e9s a n\u0151i vonalak harm\u00f3ni\u00e1ja lehetne a c\u00edme annak a ki\u00e1ll\u00edt\u00e1snak, amelyet ezekb\u0151l, a M\u00e1tr\u00e1ban k\u00e9sz\u00fclt aktfot\u00f3kb\u00f3l rendezhetn\u00e9nk. \u00c9vekkel ezel\u0151tt egy aktfot\u00f3s workshop alkalm\u00e1val k\u00e9sz\u00fcltek a k\u00e9pek.\u00a0<\/p>\r\n<p>Bizony\u00e1ra t\u00f6bben furcs\u00e1n n\u00e9znek most, hogy elengedtem a f\u00e9rjem aktfot\u00f3z\u00e1sra. \u00c9rdekes, hogy sz\u00e1momra ez sohasem jelentett gondot, mert tudom, itt nem erotik\u00e1r\u00f3l, szexr\u0151l vagy esetleg valamilyen perverzi\u00f3r\u00f3l van sz\u00f3. A fot\u00f3z\u00e1s, mint m\u0171v\u00e9szeti tev\u00e9kenys\u00e9g \u00e9s az emberi test sz\u00e9ps\u00e9ge az, ami mindenkit odavonozott a M\u00e1tr\u00e1ba azon az \u0151sz\u00f6n. A c\u00e9l a harm\u00f3nia megteremt\u00e9se volt n\u0151 \u00e9s term\u00e9szet k\u00f6z\u00f6tt. Annak tanulm\u00e1nyoz\u00e1sa, hogyan v\u00e1lik a n\u0151i test m\u00e9g vonz\u00f3bb\u00e1 a term\u00e9szet \u00f6lel\u00e9s\u00e9ben?! Hogyan hatnak egym\u00e1sra?! Hogyan teremtenek kapcsolatot? Hogyan tudnak eggy\u00e9 v\u00e1lni, vagy \u00e9ppen \u00f6n\u00e1ll\u00f3ak maradni\u00a0egy-egy fot\u00f3 kedv\u00e9\u00e9rt?\u00a0<\/p>\r\n<p>N\u00e9zz\u00e9tek meg a k\u00f6vetkez\u0151 alkot\u00e1sokat \u00e9s d\u00f6nts\u00e9tek el, hogy siker\u00fclt-e a c\u00e9lt megval\u00f3s\u00edtania a fot\u00f3snak!<\/p>\r\n<p style=\"text-align: center\"><strong>(A gal\u00e9ri\u00e1ra kattintva a fot\u00f3k nagyban is megjelennek!)<\/strong><\/p>\r\n<p style=\"text-align: center\"><em><strong>T\u00e1nc a gy\u00f6kerekkel<\/strong><\/em><\/p>\r\n<p>[gallery columns=\"1\" size=\"full\" ids=\"6235,6234,6233,6232,6231\"]<\/p>\r\n<p style=\"text-align: center\"><em><strong>T\u00fckr\u00f6m, t\u00fckr\u00f6m<\/strong><\/em><\/p>\r\n[caption id=\"attachment_6220\" align=\"aligncenter\" width=\"338\"]<a href=\"https:\/\/eletsoja.cafeblog.hu\/2017\/02\/03\/noi-test-a-termeszet-oleleseben\/akt17_small\/\" rel=\"attachment wp-att-6220\"><img class=\"wp-image-6220 size-large\" src=\"https:\/\/eletsoja.cafeblog.hu\/files\/2017\/02\/akt17_small-338x600.jpg\" width=\"338\" height=\"600\" \/><\/a> Fot\u00f3: dr. Szalai Kriszti\u00e1n[\/caption]\r\n<p style=\"text-align: center\"><em><strong>Jane, a rejt\u0151zk\u00f6d\u0151<\/strong><\/em><\/p>\r\n[caption id=\"attachment_6224\" align=\"aligncenter\" width=\"369\"]<a href=\"https:\/\/eletsoja.cafeblog.hu\/2017\/02\/03\/noi-test-a-termeszet-oleleseben\/akt13_small\/\" rel=\"attachment wp-att-6224\"><img class=\"wp-image-6224 size-large\" src=\"https:\/\/eletsoja.cafeblog.hu\/files\/2017\/02\/akt13_small-369x600.jpg\" width=\"369\" height=\"600\" \/><\/a> Fot\u00f3: dr. Szalai Kriszti\u00e1n[\/caption]\r\n<p style=\"text-align: center\"><strong><em>N\u00e1sz el\u0151tt az avaron<\/em><\/strong><\/p>\r\n[caption id=\"attachment_6227\" align=\"aligncenter\" width=\"414\"]<a href=\"https:\/\/eletsoja.cafeblog.hu\/2017\/02\/03\/noi-test-a-termeszet-oleleseben\/akt10_small\/\" rel=\"attachment wp-att-6227\"><img class=\"wp-image-6227 size-large\" src=\"https:\/\/eletsoja.cafeblog.hu\/files\/2017\/02\/akt10_small-414x600.jpg\" width=\"414\" height=\"600\" \/><\/a> Fot\u00f3: dr. Szalai Kriszti\u00e1n[\/caption]\r\n<p>&nbsp;<\/p>\r\n<p style=\"text-align: center\"><em><strong>N\u00e1sz ut\u00e1n az avaron<\/strong><\/em><\/p>\r\n[caption id=\"attachment_6228\" align=\"aligncenter\" width=\"600\"]<a href=\"https:\/\/eletsoja.cafeblog.hu\/2017\/02\/03\/noi-test-a-termeszet-oleleseben\/akt9_small\/\" rel=\"attachment wp-att-6228\"><img class=\"wp-image-6228 size-large\" src=\"https:\/\/eletsoja.cafeblog.hu\/files\/2017\/02\/akt9_small-600x390.jpg\" width=\"600\" height=\"390\" \/><\/a> Fot\u00f3: dr. Szalai Kriszti\u00e1n[\/caption]\r\n<p style=\"text-align: center\"><em><strong>Hajlatok<\/strong><\/em><\/p>\r\n<p>[gallery columns=\"1\" size=\"full\" ids=\"6236,6225,6230,6226,6223\"]<\/p>\r\n<p style=\"text-align: center\"><em><strong>\u00dczenetre v\u00e1rva<\/strong><\/em><\/p>\r\n[caption id=\"attachment_6221\" align=\"aligncenter\" width=\"600\"]<a href=\"https:\/\/eletsoja.cafeblog.hu\/2017\/02\/03\/noi-test-a-termeszet-oleleseben\/akt16_small\/\" rel=\"attachment wp-att-6221\"><img class=\"wp-image-6221 size-large\" src=\"https:\/\/eletsoja.cafeblog.hu\/files\/2017\/02\/akt16_small-600x402.jpg\" width=\"600\" height=\"402\" \/><\/a> Fot\u00f3: dr. Szalai Kriszti\u00e1n[\/caption]\r\n<p style=\"text-align: center\"><strong><em>A cikkben szerepl\u0151 valamennyi fot\u00f3 dr. Szalai Kriszti\u00e1n tulajdona, annak m\u00e1sol\u00e1sa, ment\u00e9se, m\u00e1s weboldalakon t\u00f6rt\u00e9n\u0151 megjelentet\u00e9se csak a szerz\u0151 enged\u00e9ly\u00e9vel lehets\u00e9ges!<\/em><\/strong><\/p>","type":"rich","thumbnail_url":"https:\/\/eletsoja.cafeblog.hu\/files\/2017\/02\/akt11_small-150x150.jpg","thumbnail_width":150,"thumbnail_height":150}